{"id":48,"date":"2024-07-10T09:32:04","date_gmt":"2024-07-10T09:32:04","guid":{"rendered":"https:\/\/sladjanpetrovic.ch\/?page_id=48"},"modified":"2024-07-11T19:28:36","modified_gmt":"2024-07-11T19:28:36","slug":"kernthemen","status":"publish","type":"page","link":"https:\/\/sladjanpetrovic.ch\/?page_id=48","title":{"rendered":"Digitalisierung"},"content":{"rendered":"\t\t<div data-elementor-type=\"wp-page\" data-elementor-id=\"48\" class=\"elementor elementor-48\">\n\t\t\t\t<div class=\"elementor-element elementor-element-5eaa4e5 e-flex e-con-boxed e-con e-parent\" data-id=\"5eaa4e5\" data-element_type=\"container\">\n\t\t\t\t\t<div class=\"e-con-inner\">\n\t\t\t\t<div class=\"elementor-element elementor-element-b74d105 elementor-widget elementor-widget-heading\" data-id=\"b74d105\" data-element_type=\"widget\" data-widget_type=\"heading.default\">\n\t\t\t\t<div class=\"elementor-widget-container\">\n\t\t\t\t\t<h2 class=\"elementor-heading-title elementor-size-default\">Meine Vision<\/h2>\t\t\t\t<\/div>\n\t\t\t\t<\/div>\n\t\t\t\t\t<\/div>\n\t\t\t\t<\/div>\n\t\t<div class=\"elementor-element elementor-element-142787f e-flex e-con-boxed e-con e-parent\" data-id=\"142787f\" data-element_type=\"container\">\n\t\t\t\t\t<div class=\"e-con-inner\">\n\t\t\t\t<div class=\"elementor-element elementor-element-c4da1ec elementor-widget elementor-widget-text-editor\" data-id=\"c4da1ec\" data-element_type=\"widget\" data-widget_type=\"text-editor.default\">\n\t\t\t\t<div class=\"elementor-widget-container\">\n\t\t\t\t\t\t\t\t\t<blockquote>\n<p><span style=\"font-style: inherit; font-weight: inherit; color: var( --e-global-color-text ); font-family: var( --e-global-typography-text-font-family ), Sans-serif; text-align: var(--text-align); background-color: var(--ast-global-color-5);\">Die Digitalisierung bietet immense Chancen f\u00fcr die Schweiz. Meine Vision ist es, diese Chancen zu nutzen, um unsere Wirtschaft zu st\u00e4rken, das Bildungssystem zu verbessern und die Lebensqualit\u00e4t aller B\u00fcrgerinnen und B\u00fcrger zu erh\u00f6hen.<br>Sladjan Petrovic<\/span><\/p>\n<\/blockquote>\t\t\t\t\t\t\t\t<\/div>\n\t\t\t\t<\/div>\n\t\t\t\t\t<\/div>\n\t\t\t\t<\/div>\n\t\t<div class=\"elementor-element elementor-element-185e199 e-flex e-con-boxed e-con e-parent\" data-id=\"185e199\" data-element_type=\"container\">\n\t\t\t\t\t<div class=\"e-con-inner\">\n\t\t\t\t<div class=\"elementor-element elementor-element-94789c9 elementor-widget elementor-widget-accordion\" data-id=\"94789c9\" data-element_type=\"widget\" data-widget_type=\"accordion.default\">\n\t\t\t\t<div class=\"elementor-widget-container\">\n\t\t\t\t\t\t\t<div class=\"elementor-accordion\">\n\t\t\t\t\t\t\t<div class=\"elementor-accordion-item\">\n\t\t\t\t\t<div id=\"elementor-tab-title-1551\" class=\"elementor-tab-title\" data-tab=\"1\" role=\"button\" aria-controls=\"elementor-tab-content-1551\" aria-expanded=\"false\">\n\t\t\t\t\t\t\t\t\t\t\t\t\t<span class=\"elementor-accordion-icon elementor-accordion-icon-left\" aria-hidden=\"true\">\n\t\t\t\t\t\t\t\t\t\t\t\t\t\t\t<span class=\"elementor-accordion-icon-closed\"><svg class=\"e-font-icon-svg e-fas-plus\" viewBox=\"0 0 448 512\" xmlns=\"http:\/\/www.w3.org\/2000\/svg\"><path d=\"M416 208H272V64c0-17.67-14.33-32-32-32h-32c-17.67 0-32 14.33-32 32v144H32c-17.67 0-32 14.33-32 32v32c0 17.67 14.33 32 32 32h144v144c0 17.67 14.33 32 32 32h32c17.67 0 32-14.33 32-32V304h144c17.67 0 32-14.33 32-32v-32c0-17.67-14.33-32-32-32z\"><\/path><\/svg><\/span>\n\t\t\t\t\t\t\t\t<span class=\"elementor-accordion-icon-opened\"><svg class=\"e-font-icon-svg e-fas-minus\" viewBox=\"0 0 448 512\" xmlns=\"http:\/\/www.w3.org\/2000\/svg\"><path d=\"M416 208H32c-17.67 0-32 14.33-32 32v32c0 17.67 14.33 32 32 32h384c17.67 0 32-14.33 32-32v-32c0-17.67-14.33-32-32-32z\"><\/path><\/svg><\/span>\n\t\t\t\t\t\t\t\t\t\t\t\t\t\t<\/span>\n\t\t\t\t\t\t\t\t\t\t\t\t<a class=\"elementor-accordion-title\" tabindex=\"0\">Digitalisierung der Verwaltung<\/a>\n\t\t\t\t\t<\/div>\n\t\t\t\t\t<div id=\"elementor-tab-content-1551\" class=\"elementor-tab-content elementor-clearfix\" data-tab=\"1\" role=\"region\" aria-labelledby=\"elementor-tab-title-1551\"><p style=\"font-size: 16px; font-style: normal; font-weight: 400;\"><span style=\"color: var( --e-global-color-text ); font-family: var( --e-global-typography-text-font-family ), Sans-serif; background-color: var(--ast-global-color-5);\">Eine moderne und effiziente Verwaltung ist der Schl\u00fcssel zu einer erfolgreichen Digitalisierung. Ich setze mich daf\u00fcr ein, dass Verwaltungsprozesse digitalisiert werden, um B\u00fcrokratie abzubauen und den B\u00fcrgerinnen und B\u00fcrgern den Zugang zu Dienstleistungen zu erleichtern.<\/span><\/p><ul><li><strong>Effizienzsteigerung<\/strong>: Digitale Verwaltungsprozesse reduzieren den Zeit- und Arbeitsaufwand erheblich. Antr\u00e4ge k\u00f6nnen schneller bearbeitet und Entscheidungen z\u00fcgiger getroffen werden.<\/li><li><strong>Kostensenkung<\/strong>: Durch den Einsatz digitaler Technologien k\u00f6nnen langfristig erhebliche Kosten eingespart werden, da weniger Papier, Personal und B\u00fcrofl\u00e4chen ben\u00f6tigt werden.<\/li><li><strong>Zug\u00e4nglichkeit<\/strong>: B\u00fcrgerinnen und B\u00fcrger k\u00f6nnen rund um die Uhr auf Dienstleistungen zugreifen, ohne an \u00d6ffnungszeiten gebunden zu sein. Dies erh\u00f6ht die Zufriedenheit und das Vertrauen in die Verwaltung.<\/li><li><strong>Transparenz<\/strong>: Digitale Prozesse k\u00f6nnen leichter nachverfolgt und \u00fcberpr\u00fcft werden, was die Transparenz und Nachvollziehbarkeit von Entscheidungen verbessert.<\/li><li><strong>Nachhaltigkeit<\/strong>: Die Digitalisierung reduziert den Papierverbrauch und tr\u00e4gt somit zu umweltfreundlicheren Verwaltungsprozessen bei.<\/li><\/ul><\/div>\n\t\t\t\t<\/div>\n\t\t\t\t\t\t\t<div class=\"elementor-accordion-item\">\n\t\t\t\t\t<div id=\"elementor-tab-title-1552\" class=\"elementor-tab-title\" data-tab=\"2\" role=\"button\" aria-controls=\"elementor-tab-content-1552\" aria-expanded=\"false\">\n\t\t\t\t\t\t\t\t\t\t\t\t\t<span class=\"elementor-accordion-icon elementor-accordion-icon-left\" aria-hidden=\"true\">\n\t\t\t\t\t\t\t\t\t\t\t\t\t\t\t<span class=\"elementor-accordion-icon-closed\"><svg class=\"e-font-icon-svg e-fas-plus\" viewBox=\"0 0 448 512\" xmlns=\"http:\/\/www.w3.org\/2000\/svg\"><path d=\"M416 208H272V64c0-17.67-14.33-32-32-32h-32c-17.67 0-32 14.33-32 32v144H32c-17.67 0-32 14.33-32 32v32c0 17.67 14.33 32 32 32h144v144c0 17.67 14.33 32 32 32h32c17.67 0 32-14.33 32-32V304h144c17.67 0 32-14.33 32-32v-32c0-17.67-14.33-32-32-32z\"><\/path><\/svg><\/span>\n\t\t\t\t\t\t\t\t<span class=\"elementor-accordion-icon-opened\"><svg class=\"e-font-icon-svg e-fas-minus\" viewBox=\"0 0 448 512\" xmlns=\"http:\/\/www.w3.org\/2000\/svg\"><path d=\"M416 208H32c-17.67 0-32 14.33-32 32v32c0 17.67 14.33 32 32 32h384c17.67 0 32-14.33 32-32v-32c0-17.67-14.33-32-32-32z\"><\/path><\/svg><\/span>\n\t\t\t\t\t\t\t\t\t\t\t\t\t\t<\/span>\n\t\t\t\t\t\t\t\t\t\t\t\t<a class=\"elementor-accordion-title\" tabindex=\"0\">Bildung im digitalen Zeitalter<\/a>\n\t\t\t\t\t<\/div>\n\t\t\t\t\t<div id=\"elementor-tab-content-1552\" class=\"elementor-tab-content elementor-clearfix\" data-tab=\"2\" role=\"region\" aria-labelledby=\"elementor-tab-title-1552\"><p>Unsere Kinder sind die Zukunft. Daher ist es essentiell, dass wir ihnen die notwendigen digitalen Kompetenzen vermitteln. Ich arbeite daran, dass Schulen mit modernster Technologie ausgestattet werden und Lehrpl\u00e4ne angepasst werden, um digitale Bildung zu f\u00f6rdern.<\/p><ul><li><strong>Zukunftsf\u00e4higkeit<\/strong>: In einer zunehmend digitalisierten Welt sind digitale Kompetenzen unerl\u00e4sslich. Schulen m\u00fcssen Sch\u00fclerinnen und Sch\u00fcler auf die Anforderungen des Arbeitsmarktes vorbereiten.<\/li><li><strong>Individualisierung<\/strong>: Digitale Lernplattformen erm\u00f6glichen eine individualisierte F\u00f6rderung, die auf die Bed\u00fcrfnisse und das Lerntempo jedes einzelnen Sch\u00fclers abgestimmt ist.<\/li><li><strong>Motivation<\/strong>: Der Einsatz moderner Technologien kann die Motivation und das Engagement der Sch\u00fclerinnen und Sch\u00fcler steigern, da der Unterricht interaktiver und spannender gestaltet werden kann.<\/li><li><strong>Gleichberechtigung<\/strong>: Digitale Bildung kann helfen, Bildungschancen gerechter zu verteilen, indem alle Sch\u00fclerinnen und Sch\u00fcler Zugang zu hochwertigen Bildungsressourcen erhalten, unabh\u00e4ngig von ihrem Wohnort oder sozialen Hintergrund.<\/li><li><strong>Lehrerausbildung<\/strong>: Lehrkr\u00e4fte erhalten die M\u00f6glichkeit, sich kontinuierlich weiterzubilden und moderne p\u00e4dagogische Konzepte in ihren Unterricht zu integrieren.<\/li><\/ul><\/div>\n\t\t\t\t<\/div>\n\t\t\t\t\t\t\t<div class=\"elementor-accordion-item\">\n\t\t\t\t\t<div id=\"elementor-tab-title-1553\" class=\"elementor-tab-title\" data-tab=\"3\" role=\"button\" aria-controls=\"elementor-tab-content-1553\" aria-expanded=\"false\">\n\t\t\t\t\t\t\t\t\t\t\t\t\t<span class=\"elementor-accordion-icon elementor-accordion-icon-left\" aria-hidden=\"true\">\n\t\t\t\t\t\t\t\t\t\t\t\t\t\t\t<span class=\"elementor-accordion-icon-closed\"><svg class=\"e-font-icon-svg e-fas-plus\" viewBox=\"0 0 448 512\" xmlns=\"http:\/\/www.w3.org\/2000\/svg\"><path d=\"M416 208H272V64c0-17.67-14.33-32-32-32h-32c-17.67 0-32 14.33-32 32v144H32c-17.67 0-32 14.33-32 32v32c0 17.67 14.33 32 32 32h144v144c0 17.67 14.33 32 32 32h32c17.67 0 32-14.33 32-32V304h144c17.67 0 32-14.33 32-32v-32c0-17.67-14.33-32-32-32z\"><\/path><\/svg><\/span>\n\t\t\t\t\t\t\t\t<span class=\"elementor-accordion-icon-opened\"><svg class=\"e-font-icon-svg e-fas-minus\" viewBox=\"0 0 448 512\" xmlns=\"http:\/\/www.w3.org\/2000\/svg\"><path d=\"M416 208H32c-17.67 0-32 14.33-32 32v32c0 17.67 14.33 32 32 32h384c17.67 0 32-14.33 32-32v-32c0-17.67-14.33-32-32-32z\"><\/path><\/svg><\/span>\n\t\t\t\t\t\t\t\t\t\t\t\t\t\t<\/span>\n\t\t\t\t\t\t\t\t\t\t\t\t<a class=\"elementor-accordion-title\" tabindex=\"0\">F\u00f6rderung von Innovation und Start-ups<\/a>\n\t\t\t\t\t<\/div>\n\t\t\t\t\t<div id=\"elementor-tab-content-1553\" class=\"elementor-tab-content elementor-clearfix\" data-tab=\"3\" role=\"region\" aria-labelledby=\"elementor-tab-title-1553\"><p>Die Schweiz soll ein attraktiver Standort f\u00fcr innovative Unternehmen und Start-ups sein. Ich setze mich f\u00fcr bessere Rahmenbedingungen und F\u00f6rderprogramme ein, um die Innovationskraft unseres Landes zu st\u00e4rken.\u00a0<\/p><ul><li><strong>Wirtschaftswachstum<\/strong>: Innovative Unternehmen und Start-ups sind Motoren des wirtschaftlichen Wachstums. Sie schaffen Arbeitspl\u00e4tze, f\u00f6rdern den Wettbewerb und tragen zur Diversifizierung der Wirtschaft bei.<\/li><li><strong>Wettbewerbsf\u00e4higkeit<\/strong>: Durch die F\u00f6rderung von Innovation bleibt die Schweiz im internationalen Wettbewerb wettbewerbsf\u00e4hig und kann ihre Position als f\u00fchrender Innovationsstandort behaupten.<\/li><li><strong>Technologische Fortschritte<\/strong>: Start-ups bringen frische Ideen und neue Technologien auf den Markt, die bestehende Branchen revolutionieren und neue M\u00e4rkte erschlie\u00dfen k\u00f6nnen.<\/li><li><strong>Investitionen<\/strong>: Ein attraktives Umfeld f\u00fcr Start-ups zieht Investitionen an und st\u00e4rkt das wirtschaftliche \u00d6kosystem insgesamt.<\/li><li><strong>Nachhaltigkeit<\/strong>: Viele innovative Unternehmen setzen auf nachhaltige L\u00f6sungen und tragen so zur Bew\u00e4ltigung globaler Herausforderungen wie dem Klimawandel bei.<\/li><\/ul><\/div>\n\t\t\t\t<\/div>\n\t\t\t\t\t\t\t<div class=\"elementor-accordion-item\">\n\t\t\t\t\t<div id=\"elementor-tab-title-1554\" class=\"elementor-tab-title\" data-tab=\"4\" role=\"button\" aria-controls=\"elementor-tab-content-1554\" aria-expanded=\"false\">\n\t\t\t\t\t\t\t\t\t\t\t\t\t<span class=\"elementor-accordion-icon elementor-accordion-icon-left\" aria-hidden=\"true\">\n\t\t\t\t\t\t\t\t\t\t\t\t\t\t\t<span class=\"elementor-accordion-icon-closed\"><svg class=\"e-font-icon-svg e-fas-plus\" viewBox=\"0 0 448 512\" xmlns=\"http:\/\/www.w3.org\/2000\/svg\"><path d=\"M416 208H272V64c0-17.67-14.33-32-32-32h-32c-17.67 0-32 14.33-32 32v144H32c-17.67 0-32 14.33-32 32v32c0 17.67 14.33 32 32 32h144v144c0 17.67 14.33 32 32 32h32c17.67 0 32-14.33 32-32V304h144c17.67 0 32-14.33 32-32v-32c0-17.67-14.33-32-32-32z\"><\/path><\/svg><\/span>\n\t\t\t\t\t\t\t\t<span class=\"elementor-accordion-icon-opened\"><svg class=\"e-font-icon-svg e-fas-minus\" viewBox=\"0 0 448 512\" xmlns=\"http:\/\/www.w3.org\/2000\/svg\"><path d=\"M416 208H32c-17.67 0-32 14.33-32 32v32c0 17.67 14.33 32 32 32h384c17.67 0 32-14.33 32-32v-32c0-17.67-14.33-32-32-32z\"><\/path><\/svg><\/span>\n\t\t\t\t\t\t\t\t\t\t\t\t\t\t<\/span>\n\t\t\t\t\t\t\t\t\t\t\t\t<a class=\"elementor-accordion-title\" tabindex=\"0\">Cybersicherheit<\/a>\n\t\t\t\t\t<\/div>\n\t\t\t\t\t<div id=\"elementor-tab-content-1554\" class=\"elementor-tab-content elementor-clearfix\" data-tab=\"4\" role=\"region\" aria-labelledby=\"elementor-tab-title-1554\"><p>Mit der zunehmenden Digitalisierung w\u00e4chst auch die Gefahr von Cyberangriffen. Ich engagiere mich f\u00fcr den Ausbau der Cybersicherheits-Infrastruktur und die Schulung von Fachkr\u00e4ften, um die Schweiz vor digitalen Bedrohungen zu sch\u00fctzen.<\/p><ul><li><strong>Schutz vor Bedrohungen<\/strong>: Mit der zunehmenden Digitalisierung steigt auch die Gefahr von Cyberangriffen. Eine robuste Cybersicherheitsinfrastruktur sch\u00fctzt sensible Daten und kritische Infrastrukturen vor Angriffen.<\/li><li><strong>Vertrauen<\/strong>: Ein hohes Ma\u00df an Cybersicherheit ist entscheidend, um das Vertrauen der B\u00fcrgerinnen und B\u00fcrger sowie der Unternehmen in digitale Dienstleistungen und Produkte zu gew\u00e4hrleisten.<\/li><li><strong>Wirtschaftliche Stabilit\u00e4t<\/strong>: Cyberangriffe k\u00f6nnen erhebliche wirtschaftliche Sch\u00e4den verursachen. Durch Pr\u00e4vention und Schutzma\u00dfnahmen k\u00f6nnen wirtschaftliche Verluste minimiert werden.<\/li><li><strong>Nationale Sicherheit<\/strong>: Cybersicherheit ist ein wesentlicher Bestandteil der nationalen Sicherheit. Der Schutz vor digitalen Bedrohungen ist essenziell, um die Stabilit\u00e4t und Sicherheit des Landes zu gew\u00e4hrleisten.<\/li><li><strong>Bildung und Bewusstsein<\/strong>: Die Schulung von Fachkr\u00e4ften und die Sensibilisierung der Bev\u00f6lkerung f\u00fcr Cybersicherheitsthemen sind wichtig, um ein sicheres digitales Umfeld zu schaffen.<\/li><\/ul><\/div>\n\t\t\t\t<\/div>\n\t\t\t\t\t\t\t\t<\/div>\n\t\t\t\t\t\t<\/div>\n\t\t\t\t<\/div>\n\t\t\t\t\t<\/div>\n\t\t\t\t<\/div>\n\t\t\t\t<\/div>\n\t\t","protected":false},"excerpt":{"rendered":"<p>Meine Vision Die Digitalisierung bietet immense Chancen f\u00fcr die Schweiz. Meine Vision ist es, diese Chancen zu nutzen, um unsere [&hellip;]<\/p>\n","protected":false},"author":1,"featured_media":0,"parent":0,"menu_order":0,"comment_status":"closed","ping_status":"closed","template":"","meta":{"site-sidebar-layout":"no-sidebar","site-content-layout":"","ast-site-content-layout":"full-width-container","site-content-style":"default","site-sidebar-style":"default","ast-global-header-display":"","ast-banner-title-visibility":"","ast-main-header-display":"","ast-hfb-above-header-display":"","ast-hfb-below-header-display":"","ast-hfb-mobile-header-display":"","site-post-title":"disabled","ast-breadcrumbs-content":"","ast-featured-img":"disabled","footer-sml-layout":"","ast-disable-related-posts":"","theme-transparent-header-meta":"default","adv-header-id-meta":"","stick-header-meta":"","header-above-stick-meta":"","header-main-stick-meta":"","header-below-stick-meta":"","astra-migrate-meta-layouts":"set","ast-page-background-enabled":"default","ast-page-background-meta":{"desktop":{"background-color":"var(--ast-global-color-4)","background-image":"","background-repeat":"repeat","background-position":"center center","background-size":"auto","background-attachment":"scroll","background-type":"","background-media":"","overlay-type":"","overlay-color":"","overlay-opacity":"","overlay-gradient":""},"tablet":{"background-color":"","background-image":"","background-repeat":"repeat","background-position":"center center","background-size":"auto","background-attachment":"scroll","background-type":"","background-media":"","overlay-type":"","overlay-color":"","overlay-opacity":"","overlay-gradient":""},"mobile":{"background-color":"","background-image":"","background-repeat":"repeat","background-position":"center center","background-size":"auto","background-attachment":"scroll","background-type":"","background-media":"","overlay-type":"","overlay-color":"","overlay-opacity":"","overlay-gradient":""}},"ast-content-background-meta":{"desktop":{"background-color":"var(--ast-global-color-5)","background-image":"","background-repeat":"repeat","background-position":"center center","background-size":"auto","background-attachment":"scroll","background-type":"","background-media":"","overlay-type":"","overlay-color":"","overlay-opacity":"","overlay-gradient":""},"tablet":{"background-color":"var(--ast-global-color-5)","background-image":"","background-repeat":"repeat","background-position":"center center","background-size":"auto","background-attachment":"scroll","background-type":"","background-media":"","overlay-type":"","overlay-color":"","overlay-opacity":"","overlay-gradient":""},"mobile":{"background-color":"var(--ast-global-color-5)","background-image":"","background-repeat":"repeat","background-position":"center center","background-size":"auto","background-attachment":"scroll","background-type":"","background-media":"","overlay-type":"","overlay-color":"","overlay-opacity":"","overlay-gradient":""}},"footnotes":""},"class_list":["post-48","page","type-page","status-publish","hentry"],"_links":{"self":[{"href":"https:\/\/sladjanpetrovic.ch\/index.php?rest_route=\/wp\/v2\/pages\/48","targetHints":{"allow":["GET"]}}],"collection":[{"href":"https:\/\/sladjanpetrovic.ch\/index.php?rest_route=\/wp\/v2\/pages"}],"about":[{"href":"https:\/\/sladjanpetrovic.ch\/index.php?rest_route=\/wp\/v2\/types\/page"}],"author":[{"embeddable":true,"href":"https:\/\/sladjanpetrovic.ch\/index.php?rest_route=\/wp\/v2\/users\/1"}],"replies":[{"embeddable":true,"href":"https:\/\/sladjanpetrovic.ch\/index.php?rest_route=%2Fwp%2Fv2%2Fcomments&post=48"}],"version-history":[{"count":14,"href":"https:\/\/sladjanpetrovic.ch\/index.php?rest_route=\/wp\/v2\/pages\/48\/revisions"}],"predecessor-version":[{"id":141,"href":"https:\/\/sladjanpetrovic.ch\/index.php?rest_route=\/wp\/v2\/pages\/48\/revisions\/141"}],"wp:attachment":[{"href":"https:\/\/sladjanpetrovic.ch\/index.php?rest_route=%2Fwp%2Fv2%2Fmedia&parent=48"}],"curies":[{"name":"wp","href":"https:\/\/api.w.org\/{rel}","templated":true}]}}